{"id":1663,"date":"2020-02-17T16:39:48","date_gmt":"2020-02-17T16:39:48","guid":{"rendered":"https:\/\/galapagos.raed.academy\/?page_id=1663"},"modified":"2020-02-17T18:34:49","modified_gmt":"2020-02-17T18:34:49","slug":"vik-muniz","status":"publish","type":"page","link":"https:\/\/galapagos.raed.academy\/en\/vik-muniz\/","title":{"rendered":"Vik Muniz"},"content":{"rendered":"<p>[et_pb_section fb_built=&#8221;1&#8243; custom_padding_last_edited=&#8221;on|tablet&#8221; admin_label=&#8221;Header&#8221; _builder_version=&#8221;3.22&#8243; background_image=&#8221;https:\/\/galapagos.raed.academy\/wp-content\/uploads\/2020\/02\/political-candidate-18.png&#8221; background_size=&#8221;initial&#8221; background_position=&#8221;bottom_right&#8221; custom_margin=&#8221;|||&#8221; custom_margin_tablet=&#8221;|||0%&#8221; custom_margin_last_edited=&#8221;off|desktop&#8221; custom_padding=&#8221;0|0px|120px|10%|false|false&#8221; custom_padding_tablet=&#8221;|||0%&#8221; custom_padding_phone=&#8221;&#8221;][et_pb_row column_structure=&#8221;1_2,1_2&#8243; use_custom_gutter=&#8221;on&#8221; gutter_width=&#8221;1&#8243; _builder_version=&#8221;3.25&#8243; width=&#8221;100%&#8221; max_width=&#8221;100%&#8221; module_alignment=&#8221;right&#8221; custom_padding=&#8221;0px||0px||true&#8221; use_custom_width=&#8221;on&#8221; width_unit=&#8221;off&#8221; custom_width_percent=&#8221;100%&#8221;][et_pb_column type=&#8221;1_2&#8243; _builder_version=&#8221;3.25&#8243; custom_padding=&#8221;15%|||&#8221; custom_padding_tablet=&#8221;0px|||&#8221; custom_padding_phone=&#8221;&#8221; custom_padding_last_edited=&#8221;on|tablet&#8221; padding_tablet=&#8221;0px|||&#8221; padding_last_edited=&#8221;on|tablet&#8221; custom_padding__hover=&#8221;|||&#8221;][et_pb_text _builder_version=&#8221;4.3.1&#8243; text_font=&#8221;||||||||&#8221; text_line_height=&#8221;2em&#8221; header_font=&#8221;Ubuntu|700|||||||&#8221; header_font_size=&#8221;60px&#8221; header_line_height=&#8221;1.4em&#8221; header_3_font=&#8221;Ubuntu||||||||&#8221; header_3_line_height=&#8221;1.8em&#8221; header_6_font=&#8221;Lato|700|||||||&#8221; header_6_font_size=&#8221;18px&#8221; header_6_line_height=&#8221;1.8em&#8221; background_color=&#8221;#8e9b96&#8243; background_layout=&#8221;dark&#8221; custom_padding=&#8221;60px|10%|60px|10%|true|true&#8221; custom_padding_phone=&#8221;80px|2vw||2vw||true&#8221; custom_padding_last_edited=&#8221;off|desktop&#8221; animation_style=&#8221;slide&#8221; animation_direction=&#8221;top&#8221; animation_intensity_slide=&#8221;2%&#8221; hover_enabled=&#8221;0&#8243; text_font_size_tablet=&#8221;&#8221; text_font_size_phone=&#8221;14px&#8221; text_font_size_last_edited=&#8221;on|desktop&#8221; header_font_size_tablet=&#8221;&#8221; header_font_size_phone=&#8221;32px&#8221; header_font_size_last_edited=&#8221;on|desktop&#8221;]<\/p>\n<h1>Vik Muniz<\/h1>\n<h3>Artist, UNESCO Goodwill Ambassador 2011<\/h3>\n<p>Develops social projects that use artistic creation as a force for change. Participates in educational and social projects in Brazil and the US His work has been exhibited internationally and is part of the important collections.<\/p>\n<p>[\/et_pb_text][\/et_pb_column][et_pb_column type=&#8221;1_2&#8243; _builder_version=&#8221;3.25&#8243; custom_padding=&#8221;|||&#8221; custom_padding__hover=&#8221;|||&#8221;][et_pb_image src=&#8221;https:\/\/galapagos.raed.academy\/wp-content\/uploads\/2020\/02\/Vik-Muniz-foto-cedida-por-QuoArtis-620x600px.jpg&#8221; force_fullwidth=&#8221;on&#8221; align_tablet=&#8221;center&#8221; align_phone=&#8221;&#8221; align_last_edited=&#8221;on|desktop&#8221; _builder_version=&#8221;3.29.3&#8243;][\/et_pb_image][et_pb_social_media_follow _builder_version=&#8221;4.3.1&#8243; custom_margin=&#8221;130px|||20%&#8221; custom_margin_tablet=&#8221;-70px|||&#8221; custom_margin_phone=&#8221;1vw||1vw|2vw|true&#8221; custom_margin_last_edited=&#8221;off|desktop&#8221; custom_padding=&#8221;|||&#8221; animation_style=&#8221;slide&#8221; animation_direction=&#8221;left&#8221; animation_delay=&#8221;200ms&#8221; animation_speed_curve=&#8221;ease-out&#8221; border_radii=&#8221;on|0px|0px|0px|0px&#8221; locked=&#8221;off&#8221;][et_pb_social_media_follow_network social_network=&#8221;facebook&#8221; url=&#8221;https:\/\/www.facebook.com\/Vik-Muniz-Official-Page-75455379172\/&#8221; _builder_version=&#8221;4.3.1&#8243; background_color=&#8221;#bbada1&#8243; custom_margin=&#8221;|||&#8221; custom_padding=&#8221;10px|10px|10px|10px|true|true&#8221; follow_button=&#8221;off&#8221; url_new_window=&#8221;on&#8221;]facebook[\/et_pb_social_media_follow_network][et_pb_social_media_follow_network social_network=&#8221;twitter&#8221; url=&#8221;https:\/\/twitter.com\/vikmuniz&#8221; _builder_version=&#8221;4.3.1&#8243; background_color=&#8221;rgba(187,173,161,0.9)&#8221; custom_margin=&#8221;|0px||0px||true&#8221; custom_padding=&#8221;10px|10px|10px|10px|true|true&#8221; follow_button=&#8221;off&#8221; url_new_window=&#8221;on&#8221;]twitter[\/et_pb_social_media_follow_network][et_pb_social_media_follow_network social_network=&#8221;instagram&#8221; url=&#8221;https:\/\/www.instagram.com\/vikmuniz\/&#8221; _builder_version=&#8221;4.3.1&#8243; background_color=&#8221;rgba(187,173,161,0.7)&#8221; custom_margin=&#8221;|0px||0px||true&#8221; custom_padding=&#8221;10px|10px|10px|10px|true|true&#8221; follow_button=&#8221;off&#8221; url_new_window=&#8221;on&#8221;]instagram[\/et_pb_social_media_follow_network][\/et_pb_social_media_follow][\/et_pb_column][\/et_pb_row][\/et_pb_section][et_pb_section fb_built=&#8221;1&#8243; admin_label=&#8221;About&#8221; _builder_version=&#8221;3.22&#8243;][et_pb_row column_structure=&#8221;3_5,2_5&#8243; _builder_version=&#8221;3.25&#8243;][et_pb_column type=&#8221;3_5&#8243; _builder_version=&#8221;3.25&#8243; custom_padding=&#8221;|||&#8221; custom_padding__hover=&#8221;|||&#8221;][et_pb_divider color=&#8221;#393e56&#8243; divider_position=&#8221;center&#8221; divider_weight=&#8221;3px&#8221; _builder_version=&#8221;3.12.1&#8243; max_width=&#8221;60px&#8221; height=&#8221;3px&#8221; custom_margin=&#8221;||10px|&#8221; locked=&#8221;off&#8221;][\/et_pb_divider][et_pb_text _builder_version=&#8221;4.3.1&#8243; header_font=&#8221;||||||||&#8221; header_2_font=&#8221;Ubuntu|700|||||||&#8221; header_2_font_size=&#8221;42px&#8221; header_2_line_height=&#8221;1.2em&#8221; header_2_font_size_tablet=&#8221;&#8221; header_2_font_size_phone=&#8221;28px&#8221; header_2_font_size_last_edited=&#8221;on|phone&#8221; locked=&#8221;off&#8221;]<\/p>\n<h2>Vik Muniz (Brazil, 1961)<\/h2>\n<p>[\/et_pb_text][et_pb_text _builder_version=&#8221;4.3.1&#8243; text_font=&#8221;||||||||&#8221; text_line_height=&#8221;2em&#8221; text_font_size_tablet=&#8221;&#8221; text_font_size_phone=&#8221;14px&#8221; text_font_size_last_edited=&#8221;on|phone&#8221; locked=&#8221;off&#8221;]<\/p>\n<p>Muniz develops social projects that use artistic creation as a force for change. Participates in educational and social projects in Brazil and the United States. His documentary Waste Land (2010) was nominated for the Oscars and won the Sundance Audience Award for Best Film. In 2011, UNESCO nominated him as a Goodwill Ambassador and in 2013 he received the Crystal Award from the World Economic Forum. In 2014, Muniz began building Escola Vidigal, an art and technology school for low-income children in Rio de Janeiro. In 2017, Muniz was the creative director of the opening ceremony of the Paralympic Games in Rio de Janeiro 2016.<\/p>\n<p>Muniz&#8217;s works are included in the collections of the Art Institute of Chicago, the J. Paul Getty Museum, the Metropolitan Museum of Art, the Museum of Modern Art (New York), the Museum of Modern Art in S\u00e3o Paulo and the Victoria and Albert Museum in London, among others.<\/p>\n<p>Muniz has been a guest speaker at Harvard, Yale, TED Talks, World Economic Forum, Museum of Modern Art, New York, Museum of Fine Arts in Boston, among others, visiting professor at the University of Oxford and Bard College and Residency, programs at MIT and Scowhegan School of Painting and Sculputure.<\/p>\n<p>[\/et_pb_text][\/et_pb_column][et_pb_column type=&#8221;2_5&#8243; _builder_version=&#8221;3.25&#8243; custom_padding=&#8221;100px|||&#8221; custom_padding_tablet=&#8221;20px|||&#8221; custom_padding_phone=&#8221;&#8221; custom_padding_last_edited=&#8221;on|desktop&#8221; padding_tablet=&#8221;20px|||&#8221; padding_last_edited=&#8221;on|desktop&#8221; custom_padding__hover=&#8221;|||&#8221;][\/et_pb_column][\/et_pb_row][\/et_pb_section]<\/p>\n","protected":false},"excerpt":{"rendered":"<p>Vik Muniz Artist, UNESCO Goodwill Ambassador 2011 Develops social projects that use artistic creation as a force for change. Participates in educational and social projects in Brazil and the US His work has been exhibited internationally and is part of the important collections. Vik Muniz (Brazil, 1961)Muniz develops social projects that use artistic creation as [&hellip;]<\/p>\n","protected":false},"author":1,"featured_media":0,"parent":0,"menu_order":0,"comment_status":"closed","ping_status":"closed","template":"","meta":{"_et_pb_use_builder":"on","_et_pb_old_content":"<p>[et_pb_section fb_built=\"1\" custom_padding_last_edited=\"on|tablet\" admin_label=\"Header\" _builder_version=\"3.22\" background_image=\"https:\/\/galapagos.raed.academy\/wp-content\/uploads\/2020\/02\/political-candidate-18.png\" background_size=\"initial\" background_position=\"bottom_right\" custom_margin=\"|||\" custom_margin_tablet=\"|||0%\" custom_margin_last_edited=\"off|desktop\" custom_padding=\"0|0px|120px|10%|false|false\" custom_padding_tablet=\"|||0%\" custom_padding_phone=\"\"][et_pb_row column_structure=\"1_2,1_2\" use_custom_gutter=\"on\" gutter_width=\"1\" _builder_version=\"3.25\" width=\"100%\" max_width=\"100%\" module_alignment=\"right\" custom_padding=\"0px||0px||true\" use_custom_width=\"on\" width_unit=\"off\" custom_width_percent=\"100%\"][et_pb_column type=\"1_2\" _builder_version=\"3.25\" custom_padding=\"15%|||\" custom_padding_tablet=\"0px|||\" custom_padding_phone=\"\" custom_padding_last_edited=\"on|tablet\" padding_tablet=\"0px|||\" padding_last_edited=\"on|tablet\" custom_padding__hover=\"|||\"][et_pb_text _builder_version=\"3.29.3\" text_font=\"||||||||\" text_line_height=\"2em\" header_font=\"Ubuntu|700|||||||\" header_font_size=\"60px\" header_line_height=\"1.4em\" header_3_font=\"Ubuntu||||||||\" header_3_line_height=\"1.8em\" header_6_font=\"Lato|700|||||||\" header_6_font_size=\"18px\" header_6_line_height=\"1.8em\" background_color=\"#8e9b96\" background_layout=\"dark\" custom_padding=\"60px|10%|60px|10%|true|true\" custom_padding_phone=\"80px|2vw||2vw||true\" custom_padding_last_edited=\"off|desktop\" animation_style=\"slide\" animation_direction=\"top\" animation_intensity_slide=\"2%\" text_font_size_tablet=\"\" text_font_size_phone=\"14px\" text_font_size_last_edited=\"on|desktop\" header_font_size_tablet=\"\" header_font_size_phone=\"32px\" header_font_size_last_edited=\"on|desktop\"]<\/p><h1>Vik Muniz<\/h1><h3>Artista, Embajador de Buena Voluntad UNESCO 2011<\/h3><p>Desarrolla proyectos sociales que utilizan la creaci\u00f3n art\u00edstica como una fuerza para el cambio. Participa en proyectos educativos y sociales en Brasil y los EE.UU. Su obra ha sido expuesta internacionalmente y forma parte de las importantes colecciones.<\/p><p>[\/et_pb_text][\/et_pb_column][et_pb_column type=\"1_2\" _builder_version=\"3.25\" custom_padding=\"|||\" custom_padding__hover=\"|||\"][et_pb_image src=\"https:\/\/galapagos.raed.academy\/wp-content\/uploads\/2020\/02\/Vik-Muniz-foto-cedida-por-QuoArtis-620x600px.jpg\" force_fullwidth=\"on\" align_tablet=\"center\" align_phone=\"\" align_last_edited=\"on|desktop\" _builder_version=\"3.29.3\"][\/et_pb_image][et_pb_social_media_follow _builder_version=\"4.3.1\" custom_margin=\"130px|||20%\" custom_margin_tablet=\"-70px|||\" custom_margin_phone=\"1vw||1vw|2vw|true\" custom_margin_last_edited=\"off|desktop\" custom_padding=\"|||\" animation_style=\"slide\" animation_direction=\"left\" animation_delay=\"200ms\" animation_speed_curve=\"ease-out\" hover_enabled=\"0\" border_radii=\"on|0px|0px|0px|0px\" locked=\"off\"][et_pb_social_media_follow_network social_network=\"facebook\" _builder_version=\"4.3.1\" background_color=\"#bbada1\" custom_margin=\"|||\" custom_padding=\"10px|10px|10px|10px|true|true\" hover_enabled=\"0\" follow_button=\"off\" url_new_window=\"on\" url=\"https:\/\/www.facebook.com\/Vik-Muniz-Official-Page-75455379172\/\"]facebook[\/et_pb_social_media_follow_network][et_pb_social_media_follow_network social_network=\"twitter\" _builder_version=\"4.3.1\" background_color=\"rgba(187,173,161,0.9)\" custom_margin=\"|0px||0px||true\" custom_padding=\"10px|10px|10px|10px|true|true\" hover_enabled=\"0\" follow_button=\"off\" url_new_window=\"on\" url=\"https:\/\/twitter.com\/vikmuniz\"]twitter[\/et_pb_social_media_follow_network][et_pb_social_media_follow_network social_network=\"instagram\" _builder_version=\"4.3.1\" background_color=\"rgba(187,173,161,0.7)\" custom_margin=\"|0px||0px||true\" custom_padding=\"10px|10px|10px|10px|true|true\" hover_enabled=\"0\" follow_button=\"off\" url_new_window=\"on\" url=\"https:\/\/www.instagram.com\/vikmuniz\/\"]instagram[\/et_pb_social_media_follow_network][\/et_pb_social_media_follow][\/et_pb_column][\/et_pb_row][\/et_pb_section][et_pb_section fb_built=\"1\" admin_label=\"About\" _builder_version=\"3.22\"][et_pb_row column_structure=\"3_5,2_5\" _builder_version=\"3.25\"][et_pb_column type=\"3_5\" _builder_version=\"3.25\" custom_padding=\"|||\" custom_padding__hover=\"|||\"][et_pb_divider color=\"#393e56\" divider_position=\"center\" divider_weight=\"3px\" _builder_version=\"3.12.1\" max_width=\"60px\" height=\"3px\" custom_margin=\"||10px|\" locked=\"off\"][\/et_pb_divider][et_pb_text _builder_version=\"3.29.3\" header_font=\"||||||||\" header_2_font=\"Ubuntu|700|||||||\" header_2_font_size=\"42px\" header_2_line_height=\"1.2em\" header_2_font_size_tablet=\"\" header_2_font_size_phone=\"28px\" header_2_font_size_last_edited=\"on|phone\" locked=\"off\"]<\/p><h2>Vik Muniz (Brasil, 1961)<\/h2><p>[\/et_pb_text][et_pb_text _builder_version=\"3.29.3\" text_font=\"||||||||\" text_line_height=\"2em\" hover_enabled=\"0\" text_font_size_tablet=\"\" text_font_size_phone=\"14px\" text_font_size_last_edited=\"on|phone\" locked=\"off\"]<\/p><p>Muniz desarrolla proyectos sociales que utilizan la creaci\u00f3n art\u00edstica como una fuerza para el cambio. Participa en proyectos educativos y sociales en Brasil y los Estados Unidos. Su documental Waste Land (2010) fue nominado para los Oscar y gan\u00f3 el Premio Sundance Audience a la Mejor Pel\u00edcula. En 2011, la UNESCO lo nomin\u00f3 Embajador de Buena Voluntad y en 2013 recibi\u00f3 el Premio Crystal del Foro Econ\u00f3mico Mundial. En 2014, Muniz comenz\u00f3 a construir Escola Vidigal, un colegio de arte y tecnolog\u00eda para ni\u00f1os de bajos ingresos en R\u00edo de Janeiro. En 2017, Muniz fue director creativo de la ceremonia de apertura de los Juegos Paral\u00edmpicos de R\u00edo de Janeiro 2016.<\/p><p>Las obras de Muniz est\u00e1n incluidas en las colecciones del Art\u00a0Institute de Chicago, el Museo J. Paul Getty, Metropolitan\u00a0Museum\u00a0of Art,\u00a0el Museum\u00a0of Modern Art (Nueva York), el Museo de Arte Moderno de S\u00e3o Paulo y el Victoria and Albert Museum en Londres, entre otros.<\/p><p>Muniz ha sido ponente invitado en Harvard, Yale, TED Talks, World Economic Forum, Museum of Modern Art, Nueva York, Museum of Fine Arts en Boston, entre otros, profesor visitante en la Universidad de Oxford y Bard College and Residency, programas en MIT y Scowhegan School of Painting and Sculputure.<\/p><p>[\/et_pb_text][\/et_pb_column][et_pb_column type=\"2_5\" _builder_version=\"3.25\" custom_padding=\"100px|||\" custom_padding_tablet=\"20px|||\" custom_padding_phone=\"\" custom_padding_last_edited=\"on|desktop\" padding_tablet=\"20px|||\" padding_last_edited=\"on|desktop\" custom_padding__hover=\"|||\"][\/et_pb_column][\/et_pb_row][\/et_pb_section]<\/p>","_et_gb_content_width":"","footnotes":""},"class_list":["post-1663","page","type-page","status-publish","hentry"],"yoast_head":"<!-- This site is optimized with the Yoast SEO plugin v26.8 - https:\/\/yoast.com\/product\/yoast-seo-wordpress\/ -->\n<title>Vik Muniz &#8226; Expedici\u00f3n cient\u00edfica a las Islas Gal\u00e1pagos<\/title>\n<meta name=\"robots\" content=\"index, follow, max-snippet:-1, max-image-preview:large, max-video-preview:-1\" \/>\n<link rel=\"canonical\" href=\"https:\/\/galapagos.raed.academy\/en\/vik-muniz\/\" \/>\n<meta property=\"og:locale\" content=\"en_US\" \/>\n<meta property=\"og:type\" content=\"article\" \/>\n<meta property=\"og:title\" content=\"Vik Muniz &#8226; Expedici\u00f3n cient\u00edfica a las Islas Gal\u00e1pagos\" \/>\n<meta property=\"og:description\" content=\"Vik Muniz Artist, UNESCO Goodwill Ambassador 2011 Develops social projects that use artistic creation as a force for change. Participates in educational and social projects in Brazil and the US His work has been exhibited internationally and is part of the important collections. Vik Muniz (Brazil, 1961)Muniz develops social projects that use artistic creation as [&hellip;]\" \/>\n<meta property=\"og:url\" content=\"https:\/\/galapagos.raed.academy\/en\/vik-muniz\/\" \/>\n<meta property=\"og:site_name\" content=\"Expedici\u00f3n cient\u00edfica a las Islas Gal\u00e1pagos\" \/>\n<meta property=\"article:modified_time\" content=\"2020-02-17T18:34:49+00:00\" \/>\n<meta name=\"twitter:card\" content=\"summary_large_image\" \/>\n<meta name=\"twitter:label1\" content=\"Est. reading time\" \/>\n\t<meta name=\"twitter:data1\" content=\"4 minutes\" \/>\n<script type=\"application\/ld+json\" class=\"yoast-schema-graph\">{\"@context\":\"https:\/\/schema.org\",\"@graph\":[{\"@type\":\"WebPage\",\"@id\":\"https:\/\/galapagos.raed.academy\/en\/vik-muniz\/\",\"url\":\"https:\/\/galapagos.raed.academy\/en\/vik-muniz\/\",\"name\":\"Vik Muniz &#8226; Expedici\u00f3n cient\u00edfica a las Islas Gal\u00e1pagos\",\"isPartOf\":{\"@id\":\"https:\/\/galapagos.raed.academy\/#website\"},\"datePublished\":\"2020-02-17T16:39:48+00:00\",\"dateModified\":\"2020-02-17T18:34:49+00:00\",\"breadcrumb\":{\"@id\":\"https:\/\/galapagos.raed.academy\/en\/vik-muniz\/#breadcrumb\"},\"inLanguage\":\"en-US\",\"potentialAction\":[{\"@type\":\"ReadAction\",\"target\":[\"https:\/\/galapagos.raed.academy\/en\/vik-muniz\/\"]}]},{\"@type\":\"BreadcrumbList\",\"@id\":\"https:\/\/galapagos.raed.academy\/en\/vik-muniz\/#breadcrumb\",\"itemListElement\":[{\"@type\":\"ListItem\",\"position\":1,\"name\":\"Home\",\"item\":\"https:\/\/galapagos.raed.academy\/\"},{\"@type\":\"ListItem\",\"position\":2,\"name\":\"Vik Muniz\"}]},{\"@type\":\"WebSite\",\"@id\":\"https:\/\/galapagos.raed.academy\/#website\",\"url\":\"https:\/\/galapagos.raed.academy\/\",\"name\":\"Gal\u00e1pagos\",\"description\":\"Expedici\u00f3n cient\u00edfica a las Islas Gal\u00e1pagos y Ecuador\",\"publisher\":{\"@id\":\"https:\/\/galapagos.raed.academy\/#organization\"},\"potentialAction\":[{\"@type\":\"SearchAction\",\"target\":{\"@type\":\"EntryPoint\",\"urlTemplate\":\"https:\/\/galapagos.raed.academy\/?s={search_term_string}\"},\"query-input\":{\"@type\":\"PropertyValueSpecification\",\"valueRequired\":true,\"valueName\":\"search_term_string\"}}],\"inLanguage\":\"en-US\"},{\"@type\":\"Organization\",\"@id\":\"https:\/\/galapagos.raed.academy\/#organization\",\"name\":\"Real Academia Europea de Doctores\",\"url\":\"https:\/\/galapagos.raed.academy\/\",\"logo\":{\"@type\":\"ImageObject\",\"inLanguage\":\"en-US\",\"@id\":\"https:\/\/galapagos.raed.academy\/#\/schema\/logo\/image\/\",\"url\":\"\",\"contentUrl\":\"\",\"caption\":\"Real Academia Europea de Doctores\"},\"image\":{\"@id\":\"https:\/\/galapagos.raed.academy\/#\/schema\/logo\/image\/\"}}]}<\/script>\n<!-- \/ Yoast SEO plugin. -->","yoast_head_json":{"title":"Vik Muniz &#8226; Expedici\u00f3n cient\u00edfica a las Islas Gal\u00e1pagos","robots":{"index":"index","follow":"follow","max-snippet":"max-snippet:-1","max-image-preview":"max-image-preview:large","max-video-preview":"max-video-preview:-1"},"canonical":"https:\/\/galapagos.raed.academy\/en\/vik-muniz\/","og_locale":"en_US","og_type":"article","og_title":"Vik Muniz &#8226; Expedici\u00f3n cient\u00edfica a las Islas Gal\u00e1pagos","og_description":"Vik Muniz Artist, UNESCO Goodwill Ambassador 2011 Develops social projects that use artistic creation as a force for change. Participates in educational and social projects in Brazil and the US His work has been exhibited internationally and is part of the important collections. Vik Muniz (Brazil, 1961)Muniz develops social projects that use artistic creation as [&hellip;]","og_url":"https:\/\/galapagos.raed.academy\/en\/vik-muniz\/","og_site_name":"Expedici\u00f3n cient\u00edfica a las Islas Gal\u00e1pagos","article_modified_time":"2020-02-17T18:34:49+00:00","twitter_card":"summary_large_image","twitter_misc":{"Est. reading time":"4 minutes"},"schema":{"@context":"https:\/\/schema.org","@graph":[{"@type":"WebPage","@id":"https:\/\/galapagos.raed.academy\/en\/vik-muniz\/","url":"https:\/\/galapagos.raed.academy\/en\/vik-muniz\/","name":"Vik Muniz &#8226; Expedici\u00f3n cient\u00edfica a las Islas Gal\u00e1pagos","isPartOf":{"@id":"https:\/\/galapagos.raed.academy\/#website"},"datePublished":"2020-02-17T16:39:48+00:00","dateModified":"2020-02-17T18:34:49+00:00","breadcrumb":{"@id":"https:\/\/galapagos.raed.academy\/en\/vik-muniz\/#breadcrumb"},"inLanguage":"en-US","potentialAction":[{"@type":"ReadAction","target":["https:\/\/galapagos.raed.academy\/en\/vik-muniz\/"]}]},{"@type":"BreadcrumbList","@id":"https:\/\/galapagos.raed.academy\/en\/vik-muniz\/#breadcrumb","itemListElement":[{"@type":"ListItem","position":1,"name":"Home","item":"https:\/\/galapagos.raed.academy\/"},{"@type":"ListItem","position":2,"name":"Vik Muniz"}]},{"@type":"WebSite","@id":"https:\/\/galapagos.raed.academy\/#website","url":"https:\/\/galapagos.raed.academy\/","name":"Gal\u00e1pagos","description":"Expedici\u00f3n cient\u00edfica a las Islas Gal\u00e1pagos y Ecuador","publisher":{"@id":"https:\/\/galapagos.raed.academy\/#organization"},"potentialAction":[{"@type":"SearchAction","target":{"@type":"EntryPoint","urlTemplate":"https:\/\/galapagos.raed.academy\/?s={search_term_string}"},"query-input":{"@type":"PropertyValueSpecification","valueRequired":true,"valueName":"search_term_string"}}],"inLanguage":"en-US"},{"@type":"Organization","@id":"https:\/\/galapagos.raed.academy\/#organization","name":"Real Academia Europea de Doctores","url":"https:\/\/galapagos.raed.academy\/","logo":{"@type":"ImageObject","inLanguage":"en-US","@id":"https:\/\/galapagos.raed.academy\/#\/schema\/logo\/image\/","url":"","contentUrl":"","caption":"Real Academia Europea de Doctores"},"image":{"@id":"https:\/\/galapagos.raed.academy\/#\/schema\/logo\/image\/"}}]}},"_links":{"self":[{"href":"https:\/\/galapagos.raed.academy\/en\/wp-json\/wp\/v2\/pages\/1663","targetHints":{"allow":["GET"]}}],"collection":[{"href":"https:\/\/galapagos.raed.academy\/en\/wp-json\/wp\/v2\/pages"}],"about":[{"href":"https:\/\/galapagos.raed.academy\/en\/wp-json\/wp\/v2\/types\/page"}],"author":[{"embeddable":true,"href":"https:\/\/galapagos.raed.academy\/en\/wp-json\/wp\/v2\/users\/1"}],"replies":[{"embeddable":true,"href":"https:\/\/galapagos.raed.academy\/en\/wp-json\/wp\/v2\/comments?post=1663"}],"version-history":[{"count":6,"href":"https:\/\/galapagos.raed.academy\/en\/wp-json\/wp\/v2\/pages\/1663\/revisions"}],"predecessor-version":[{"id":1695,"href":"https:\/\/galapagos.raed.academy\/en\/wp-json\/wp\/v2\/pages\/1663\/revisions\/1695"}],"wp:attachment":[{"href":"https:\/\/galapagos.raed.academy\/en\/wp-json\/wp\/v2\/media?parent=1663"}],"curies":[{"name":"wp","href":"https:\/\/api.w.org\/{rel}","templated":true}]}}